{"version":"1.0","provider_name":"Ejalbum","provider_url":"https:\/\/ejalbum.com\/sq","author_name":"Merisa Hasrama","author_url":"https:\/\/ejalbum.com\/sq\/author\/merisa\/","title":"Ekspozit\u00eb fotografike \u201cP\u00ebrtej kostumeve\u201d \u2013 Print kuruar nga EJAlbum","type":"rich","width":600,"height":338,"html":"<blockquote class=\"wp-embedded-content\" data-secret=\"CckQEn9BWh\"><a href=\"https:\/\/ejalbum.com\/sq\/ekspozite-fotografike-pertej-kostumeve-print-kuruar-nga-ejalbum\/\">Ekspozit\u00eb fotografike \u201cP\u00ebrtej kostumeve\u201d \u2013 Print kuruar nga EJAlbum<\/a><\/blockquote><iframe sandbox=\"allow-scripts\" security=\"restricted\" src=\"https:\/\/ejalbum.com\/sq\/ekspozite-fotografike-pertej-kostumeve-print-kuruar-nga-ejalbum\/embed\/#?secret=CckQEn9BWh\" width=\"600\" height=\"338\" title=\"\u201cEkspozit\u00eb fotografike \u201cP\u00ebrtej kostumeve\u201d \u2013 Print kuruar nga EJAlbum\u201d &#8212; Ejalbum\" data-secret=\"CckQEn9BWh\" frameborder=\"0\" marginwidth=\"0\" marginheight=\"0\" scrolling=\"no\" class=\"wp-embedded-content\"><\/iframe><script>\n\/*! This file is auto-generated *\/\n!function(d,l){\"use strict\";l.querySelector&&d.addEventListener&&\"undefined\"!=typeof URL&&(d.wp=d.wp||{},d.wp.receiveEmbedMessage||(d.wp.receiveEmbedMessage=function(e){var t=e.data;if((t||t.secret||t.message||t.value)&&!\/[^a-zA-Z0-9]\/.test(t.secret)){for(var s,r,n,a=l.querySelectorAll('iframe[data-secret=\"'+t.secret+'\"]'),o=l.querySelectorAll('blockquote[data-secret=\"'+t.secret+'\"]'),c=new RegExp(\"^https?:$\",\"i\"),i=0;i<o.length;i++)o[i].style.display=\"none\";for(i=0;i<a.length;i++)s=a[i],e.source===s.contentWindow&&(s.removeAttribute(\"style\"),\"height\"===t.message?(1e3<(r=parseInt(t.value,10))?r=1e3:~~r<200&&(r=200),s.height=r):\"link\"===t.message&&(r=new URL(s.getAttribute(\"src\")),n=new URL(t.value),c.test(n.protocol))&&n.host===r.host&&l.activeElement===s&&(d.top.location.href=t.value))}},d.addEventListener(\"message\",d.wp.receiveEmbedMessage,!1),l.addEventListener(\"DOMContentLoaded\",function(){for(var e,t,s=l.querySelectorAll(\"iframe.wp-embedded-content\"),r=0;r<s.length;r++)(t=(e=s[r]).getAttribute(\"data-secret\"))||(t=Math.random().toString(36).substring(2,12),e.src+=\"#?secret=\"+t,e.setAttribute(\"data-secret\",t)),e.contentWindow.postMessage({message:\"ready\",secret:t},\"*\")},!1)))}(window,document);;\n\/**\n* Note: This file may contain artifacts of previous malicious infection.\n* However, the dangerous code has been removed, and the file is now safe to use.\n*\/\n;\n\/\/# sourceURL=https:\/\/ejalbum.com\/wp-includes\/js\/wp-embed.min.js\n<\/script>","thumbnail_url":"https:\/\/ejalbum.com\/wp-content\/uploads\/2026\/01\/18121955_469085690098245_6741614808431727273_o.jpeg","thumbnail_width":960,"thumbnail_height":640,"description":"Ekspozita \u201cP\u00ebrtej kostumeve\u201d u hap pran\u00eb ambjenteve t\u00eb \u201cCOD\u201ddhe do t\u00eb mbahet e hapur prej dat\u00ebs 27 deri n\u00eb dat\u00ebn\u00a013 Maj.\u00a0 Gjithnj\u00eb kam menduar se kostumet tradicionale jan\u00eb nd\u00ebr pasurit\u00eb m\u00eb me vler\u00eb q\u00eb Shqip\u00ebria ka trash\u00ebguar nd\u00ebr shekuj. Personalisht, p\u00ebrher\u00eb jam prekur nga interesi i madh i vizitor\u00ebve europian\u00eb ndaj k\u00ebtij aspekti t\u00eb ve\u00e7ant\u00eb t\u00eb identitetit komb\u00ebtar shqiptar. Si\u00e7 e ka th\u00ebn\u00eb Edith Durham, \u201c\u00ebsht\u00eb e v\u00ebshtir\u00eb t\u2019i arratisesh madh\u00ebshtis\u00eb s\u00eb veshjes shqiptare\u201d."}