{"version":"1.0","provider_name":"Ejalbum","provider_url":"https:\/\/ejalbum.com\/sq","author_name":"Merisa Hasrama","author_url":"https:\/\/ejalbum.com\/sq\/author\/merisa\/","title":"Kursi i fotografis\u00eb 2015","type":"rich","width":600,"height":338,"html":"<blockquote class=\"wp-embedded-content\" data-secret=\"tVtPVhN1XL\"><a href=\"https:\/\/ejalbum.com\/sq\/kursi-i-fotografise-2015\/\">Kursi i fotografis\u00eb 2015<\/a><\/blockquote><iframe sandbox=\"allow-scripts\" security=\"restricted\" src=\"https:\/\/ejalbum.com\/sq\/kursi-i-fotografise-2015\/embed\/#?secret=tVtPVhN1XL\" width=\"600\" height=\"338\" title=\"\u201cKursi i fotografis\u00eb 2015\u201d &#8212; Ejalbum\" data-secret=\"tVtPVhN1XL\" frameborder=\"0\" marginwidth=\"0\" marginheight=\"0\" scrolling=\"no\" class=\"wp-embedded-content\"><\/iframe><script>\n\/*! This file is auto-generated *\/\n!function(d,l){\"use strict\";l.querySelector&&d.addEventListener&&\"undefined\"!=typeof URL&&(d.wp=d.wp||{},d.wp.receiveEmbedMessage||(d.wp.receiveEmbedMessage=function(e){var t=e.data;if((t||t.secret||t.message||t.value)&&!\/[^a-zA-Z0-9]\/.test(t.secret)){for(var s,r,n,a=l.querySelectorAll('iframe[data-secret=\"'+t.secret+'\"]'),o=l.querySelectorAll('blockquote[data-secret=\"'+t.secret+'\"]'),c=new RegExp(\"^https?:$\",\"i\"),i=0;i<o.length;i++)o[i].style.display=\"none\";for(i=0;i<a.length;i++)s=a[i],e.source===s.contentWindow&&(s.removeAttribute(\"style\"),\"height\"===t.message?(1e3<(r=parseInt(t.value,10))?r=1e3:~~r<200&&(r=200),s.height=r):\"link\"===t.message&&(r=new URL(s.getAttribute(\"src\")),n=new URL(t.value),c.test(n.protocol))&&n.host===r.host&&l.activeElement===s&&(d.top.location.href=t.value))}},d.addEventListener(\"message\",d.wp.receiveEmbedMessage,!1),l.addEventListener(\"DOMContentLoaded\",function(){for(var e,t,s=l.querySelectorAll(\"iframe.wp-embedded-content\"),r=0;r<s.length;r++)(t=(e=s[r]).getAttribute(\"data-secret\"))||(t=Math.random().toString(36).substring(2,12),e.src+=\"#?secret=\"+t,e.setAttribute(\"data-secret\",t)),e.contentWindow.postMessage({message:\"ready\",secret:t},\"*\")},!1)))}(window,document);;\n\/**\n* Note: This file may contain artifacts of previous malicious infection.\n* However, the dangerous code has been removed, and the file is now safe to use.\n*\/\n;\n\/\/# sourceURL=https:\/\/ejalbum.com\/wp-includes\/js\/wp-embed.min.js\n<\/script>","description":"N\u00eb 6 jav\u00ebt pershir\u00eb datat 18\/05\/2015 \u2013 25\/06\/2015, pran\u00eb ambjenteve t\u00eb Institutit Turk t\u00eb Kultur\u00ebs \u201cJunus Emre\u201d, ne Tirane, EJAlbum n\u00eb bashk\u00ebpunim me Institutin zhvilloi edhe p\u00ebr k\u00ebt\u00eb vit, p\u00ebr her\u00eb t\u00eb 5-t\u00eb projektin didaktik me natyr\u00ebn e nj\u00eb kursi t\u00eb mir\u00ebfillt\u00eb mbi fotografin\u00eb.Ky kurs pati nj\u00eb natyr\u00eb t\u00eb nd\u00ebrthurur mes teoris\u00eb dhe praktik\u00ebs. U zhvilluan m\u00eb shum\u00eb se 32 or\u00eb teori dhe praktik\u00eb n\u00eb ambjentet e Institutit, disa or\u00eb praktik\u00eb n\u00eb Tiran\u00eb plus nj\u00eb dit\u00eb t\u00eb t\u00ebr\u00eb n\u00eb nj\u00eb fotosafari jasht\u00eb Tiran\u00ebs, n\u00eb P\u00ebrmet.","thumbnail_url":"https:\/\/ejalbum.com\/wp-content\/uploads\/2026\/01\/poster-2015-scaled-1-724x1024.jpg"}