{"version":"1.0","provider_name":"Ejalbum","provider_url":"https:\/\/ejalbum.com\/sq","author_name":"Kristi","author_url":"https:\/\/ejalbum.com\/sq\/author\/kristi\/","title":"Tirana Photo Festival","type":"rich","width":600,"height":338,"html":"<blockquote class=\"wp-embedded-content\" data-secret=\"0F0XESyxLm\"><a href=\"https:\/\/ejalbum.com\/sq\/tirana-photo-festival\/\">Tirana Photo Festival<\/a><\/blockquote><iframe sandbox=\"allow-scripts\" security=\"restricted\" src=\"https:\/\/ejalbum.com\/sq\/tirana-photo-festival\/embed\/#?secret=0F0XESyxLm\" width=\"600\" height=\"338\" title=\"\u201cTirana Photo Festival\u201d &#8212; Ejalbum\" data-secret=\"0F0XESyxLm\" frameborder=\"0\" marginwidth=\"0\" marginheight=\"0\" scrolling=\"no\" class=\"wp-embedded-content\"><\/iframe><script>\n\/*! This file is auto-generated *\/\n!function(d,l){\"use strict\";l.querySelector&&d.addEventListener&&\"undefined\"!=typeof URL&&(d.wp=d.wp||{},d.wp.receiveEmbedMessage||(d.wp.receiveEmbedMessage=function(e){var t=e.data;if((t||t.secret||t.message||t.value)&&!\/[^a-zA-Z0-9]\/.test(t.secret)){for(var s,r,n,a=l.querySelectorAll('iframe[data-secret=\"'+t.secret+'\"]'),o=l.querySelectorAll('blockquote[data-secret=\"'+t.secret+'\"]'),c=new RegExp(\"^https?:$\",\"i\"),i=0;i<o.length;i++)o[i].style.display=\"none\";for(i=0;i<a.length;i++)s=a[i],e.source===s.contentWindow&&(s.removeAttribute(\"style\"),\"height\"===t.message?(1e3<(r=parseInt(t.value,10))?r=1e3:~~r<200&&(r=200),s.height=r):\"link\"===t.message&&(r=new URL(s.getAttribute(\"src\")),n=new URL(t.value),c.test(n.protocol))&&n.host===r.host&&l.activeElement===s&&(d.top.location.href=t.value))}},d.addEventListener(\"message\",d.wp.receiveEmbedMessage,!1),l.addEventListener(\"DOMContentLoaded\",function(){for(var e,t,s=l.querySelectorAll(\"iframe.wp-embedded-content\"),r=0;r<s.length;r++)(t=(e=s[r]).getAttribute(\"data-secret\"))||(t=Math.random().toString(36).substring(2,12),e.src+=\"#?secret=\"+t,e.setAttribute(\"data-secret\",t)),e.contentWindow.postMessage({message:\"ready\",secret:t},\"*\")},!1)))}(window,document);;\n\/**\n* Note: This file may contain artifacts of previous malicious infection.\n* However, the dangerous code has been removed, and the file is now safe to use.\n*\/\n;\n\/\/# sourceURL=https:\/\/ejalbum.com\/wp-includes\/js\/wp-embed.min.js\n<\/script>","thumbnail_url":"https:\/\/ejalbum.com\/wp-content\/uploads\/2026\/01\/06b82947-cc57-4ca5-aa49-9dcce81d075c-1200x731-1.jpg","thumbnail_width":1200,"thumbnail_height":731,"description":"Tirana Photo Festival tashm\u00eb \u00ebsht\u00eb b\u00ebr\u00eb festivali m\u00eb i dashur i fotografis\u00eb p\u00ebr t\u00eb rinjt\u00eb e Shqiperis\u00eb. N\u00eb k\u00ebt\u00eb edicion t\u00eb pest\u00eb ndihemi t\u00eb lumtur q\u00eb komuniteti i fotograf\u00ebve \u00ebsht\u00eb rritur dhe \u00ebsht\u00eb b\u00ebr\u00eb bashk\u00ebudh\u00ebtar i misionit ton\u00eb, p\u00ebr t\u00eb promovuar Shqip\u00ebrin\u00eb p\u00ebrmes fotografis\u00eb. Tema e k\u00ebtij edicioni ishte Youth\/ Rinia, p\u00ebr shum\u00eb arsye. S\u00eb pari, sepse Tirana p\u00ebr her\u00eb t\u00eb par\u00eb mban titullin Kryeqyteti Europian i Rinis\u00eb 2022, dhe rinia sivjet ishte kryefjala e aktiviteteve t\u00eb shumta n\u00eb zem\u00ebr t\u00eb Shqip\u00ebris\u00eb. Nga ana tjet\u00ebr largimi masiv i t\u00eb rinjve duket se \u00ebsht\u00eb kthyer n\u00eb nj\u00eb plag\u00eb t\u00eb shoq\u00ebris\u00eb son\u00eb, p\u00ebr arsye se fshatra e qytete t\u00eb tjera jan\u00eb zbrazur dhe shum\u00eb pak prej t\u00eb ikurve kthehen. P\u00ebrmes fotografive t\u00eb aplikant\u00ebve, menduam t\u00eb sjellim nj\u00eb tablo t\u00eb rinis\u00eb s\u00eb sotshme, rinis\u00eb q\u00eb punon, studion, q\u00eb arg\u00ebtohet, rinis\u00eb q\u00eb vuan e largohet, rinis\u00eb q\u00eb \u00ebnd\u00ebrron, q\u00eb eksploron dhe e promovon Shqiperin\u00eb."}